{"id":101258,"date":"2026-02-15T15:20:25","date_gmt":"2026-02-15T15:20:25","guid":{"rendered":"https:\/\/grupdentalcostabrava.com\/?page_id=101258"},"modified":"2026-02-18T17:51:56","modified_gmt":"2026-02-18T17:51:56","slug":"accesibilitat","status":"publish","type":"page","link":"https:\/\/grupdentalcostabrava.com\/es\/accesibilitat\/","title":{"rendered":"Accesibilidad"},"content":{"rendered":"<p>[et_pb_section fb_built=&#8221;1&#8243; _builder_version=&#8221;4.27.5&#8243; _module_preset=&#8221;default&#8221; global_colors_info=&#8221;{}&#8221;][et_pb_row _builder_version=&#8221;4.27.5&#8243; _module_preset=&#8221;default&#8221; global_colors_info=&#8221;{}&#8221;][et_pb_column type=&#8221;4_4&#8243; _builder_version=&#8221;4.27.5&#8243; _module_preset=&#8221;default&#8221; global_colors_info=&#8221;{}&#8221;][et_pb_post_title _builder_version=&#8221;4.27.5&#8243; _module_preset=&#8221;default&#8221; meta=&#8221;off&#8221; featured_image=&#8221;off&#8221; hover_enabled=&#8221;0&#8243; sticky_enabled=&#8221;0&#8243; border_width_bottom=&#8221;1px&#8221;][\/et_pb_post_title][et_pb_text _builder_version=&#8221;4.27.5&#8243; _module_preset=&#8221;default&#8221; link_text_color=&#8221;#27acea&#8221; global_colors_info=&#8221;{}&#8221;]<\/p>\n<p data-path-to-node=\"4\"><b data-path-to-node=\"4\" data-index-in-node=\"0\">grupdentalcostabrava.com<\/b>, que dep\u00e8n de <b data-path-to-node=\"4\" data-index-in-node=\"39\">Marcos Allegue Allegue<\/b>, s\u2019ha comprom\u00e8s a fer accessible el seu lloc web, de conformitat amb el Reial decret 1112\/2018, de 7 de setembre, sobre l\u2019accessibilitat dels llocs web i aplicacions per a dispositius m\u00f2bils del sector p\u00fablic.<\/p>\n<p data-path-to-node=\"5\">La present declaraci\u00f3 d\u2019accessibilitat s\u2019aplica al lloc web <response-element class=\"\" ng-version=\"0.0.0-PLACEHOLDER\"> <link-block _nghost-ng-c4263628808=\"\" class=\"ng-star-inserted\"><a _ngcontent-ng-c4263628808=\"\" target=\"_blank\" rel=\"noopener\" externallink=\"\" _nghost-ng-c2086529133=\"\" jslog=\"197247;track:generic_click,impression,attention;BardVeMetadataKey:[[&quot;r_5e21fa5ebf7feca6&quot;,&quot;c_b1d0d67a0ce5f614&quot;,null,&quot;rc_8914260ab91ac614&quot;,null,null,&quot;ca&quot;,null,1,null,null,1,0]]\" class=\"ng-star-inserted\" data-hveid=\"0\" decode-data-ved=\"1\" data-ved=\"0CAAQ_4QMahgKEwiR0ZLgt96SAxUAAAAAHQAAAAAQswQ\">https:\/\/grupdentalcostabrava.com<\/a><\/link-block><\/response-element><\/p>\n<h3 data-path-to-node=\"6\">SITUACI\u00d3 DE COMPLIMENT<\/h3>\n<p data-path-to-node=\"7\">Aquest lloc web \u00e9s parcialment conforme amb el RD 1112\/2018 degut a les excepcions i a la manca de conformitat dels aspectes que s\u2019indiquen en el punt seg\u00fcent.<\/p>\n<h3 data-path-to-node=\"8\">CONTINGUT NO ACCESSIBLE<\/h3>\n<p data-path-to-node=\"9\">El contingut que es recull a continuaci\u00f3 no \u00e9s accessible per les raons seg\u00fcents:<\/p>\n<p data-path-to-node=\"10\"><b data-path-to-node=\"10\" data-index-in-node=\"0\">Manca de conformitat amb el RD 1112\/2018<\/b><\/p>\n<ul data-path-to-node=\"11\">\n<li>\n<p data-path-to-node=\"11,0,0\">Hi ha contingut audiovisual que no inclou audiodescripci\u00f3 ni mitj\u00e0 alternatiu [Requisit n\u00famero 1.2.3 Audiodescripci\u00f3 o mitj\u00e0 alternatiu] ni audiodescripci\u00f3 gravada [Requisit 1.2.5 Audiodescripci\u00f3 (Gravat)].<\/p>\n<\/li>\n<li>\n<p data-path-to-node=\"11,1,0\">Podrien existir errors puntuals de codi d\u2019edici\u00f3 en alguna p\u00e0gina web. [4.1.1 Processament]<\/p>\n<\/li>\n<li>\n<p data-path-to-node=\"11,2,0\">Podrien existir alguns components de la interf\u00edcie d\u2019usuari que no estiguin etiquetats correctament. [4.1.2 Nom, funci\u00f3, valor]<\/p>\n<\/li>\n<\/ul>\n<p data-path-to-node=\"12\"><b data-path-to-node=\"12\" data-index-in-node=\"0\">C\u00e0rrega desproporcionada<\/b> No aplica.<\/p>\n<p data-path-to-node=\"13\"><b data-path-to-node=\"13\" data-index-in-node=\"0\">El contingut no entra dins l\u2019\u00e0mbit de la legislaci\u00f3 aplicable<\/b> Podrien existir arxius ofim\u00e0tics en PDF o altres formats publicats abans del 20 de setembre de 2018 que no compleixin en la seva totalitat tots els requisits d\u2019accessibilitat. Tot i aix\u00ed, s\u2019ha procurat que la majoria s\u00ed que els compleixin.<\/p>\n<h3 data-path-to-node=\"14\">PREPARACI\u00d3 DE LA PRESENT DECLARACI\u00d3 D\u2019ACCESSIBILITAT<\/h3>\n<p data-path-to-node=\"15\">La present declaraci\u00f3 va ser preparada el 29 d\u2019agost de 2025. El m\u00e8tode emprat per preparar la declaraci\u00f3 ha estat una autoavaluaci\u00f3 realitzada pel mateix organisme.<\/p>\n<h3 data-path-to-node=\"16\">OBSERVACIONS I DADES DE CONTACTE<\/h3>\n<p data-path-to-node=\"17\" id=\"p-rc_8914260ab91ac614-62\">Podeu fer comunicacions sobre requisits d\u2019accessibilitat (article 10.2.a del RD 1112\/2018), com <span class=\"citation-1960 citation-end-1960\">per exemple:<source-footnote ng-version=\"0.0.0-PLACEHOLDER\" _nghost-ng-c4145111847=\"\"><sup _ngcontent-ng-c4145111847=\"\" class=\"superscript\" data-turn-source-index=\"1\"><\/sup><\/source-footnote><\/span><sources-carousel-inline ng-version=\"0.0.0-PLACEHOLDER\" _nghost-ng-c2283830912=\"\"><source-inline-chip _ngcontent-ng-c2283830912=\"\" _nghost-ng-c2781921753=\"\" class=\"ng-star-inserted\"><\/source-inline-chip><\/sources-carousel-inline><\/p>\n<ul data-path-to-node=\"18\">\n<li>\n<p data-path-to-node=\"18,0,0\" id=\"p-rc_8914260ab91ac614-63\"><span class=\"citation-1959 citation-end-1959\">Informar sobre qualsevol possible incompliment per part d\u2019aquest lloc web<source-footnote ng-version=\"0.0.0-PLACEHOLDER\" _nghost-ng-c4145111847=\"\"><sup _ngcontent-ng-c4145111847=\"\" class=\"superscript\" data-turn-source-index=\"2\"><\/sup><\/source-footnote><\/span><sources-carousel-inline ng-version=\"0.0.0-PLACEHOLDER\" _nghost-ng-c2283830912=\"\"><source-inline-chip _ngcontent-ng-c2283830912=\"\" _nghost-ng-c2781921753=\"\" class=\"ng-star-inserted\"><\/source-inline-chip><\/sources-carousel-inline><\/p>\n<\/li>\n<li>\n<p data-path-to-node=\"18,1,0\" id=\"p-rc_8914260ab91ac614-64\"><span class=\"citation-1958 citation-end-1958\">Transmetre altres dificultats d\u2019acc\u00e9s al contingut<source-footnote ng-version=\"0.0.0-PLACEHOLDER\" _nghost-ng-c4145111847=\"\"><sup _ngcontent-ng-c4145111847=\"\" class=\"superscript\" data-turn-source-index=\"3\"><\/sup><\/source-footnote><\/span><sources-carousel-inline ng-version=\"0.0.0-PLACEHOLDER\" _nghost-ng-c2283830912=\"\"><source-inline-chip _ngcontent-ng-c2283830912=\"\" _nghost-ng-c2781921753=\"\" class=\"ng-star-inserted\"><\/source-inline-chip><\/sources-carousel-inline><\/p>\n<\/li>\n<li>\n<p data-path-to-node=\"18,2,0\" id=\"p-rc_8914260ab91ac614-65\"><span class=\"citation-1957 citation-end-1957\">Formular qualsevol altra consulta o suggeriment de millora relativa a l\u2019accessibilitat del lloc web<source-footnote ng-version=\"0.0.0-PLACEHOLDER\" _nghost-ng-c4145111847=\"\"><sup _ngcontent-ng-c4145111847=\"\" class=\"superscript\" data-turn-source-index=\"4\"><\/sup><\/source-footnote><\/span><sources-carousel-inline ng-version=\"0.0.0-PLACEHOLDER\" _nghost-ng-c2283830912=\"\"><source-inline-chip _ngcontent-ng-c2283830912=\"\" _nghost-ng-c2781921753=\"\" class=\"ng-star-inserted\"><\/source-inline-chip><\/sources-carousel-inline><\/p>\n<\/li>\n<\/ul>\n<p data-path-to-node=\"19\">A trav\u00e9s del nostre correu electr\u00f2nic: <response-element class=\"\" ng-version=\"0.0.0-PLACEHOLDER\"> <link-block _nghost-ng-c4263628808=\"\" class=\"ng-star-inserted\"><a _ngcontent-ng-c4263628808=\"\" target=\"_blank\" rel=\"noopener\" externallink=\"\" _nghost-ng-c2086529133=\"\" jslog=\"197247;track:generic_click,impression,attention;BardVeMetadataKey:[[&quot;r_5e21fa5ebf7feca6&quot;,&quot;c_b1d0d67a0ce5f614&quot;,null,&quot;rc_8914260ab91ac614&quot;,null,null,&quot;ca&quot;,null,1,null,null,1,0]]\" class=\"ng-star-inserted\" data-hveid=\"0\" decode-data-ved=\"1\" data-ved=\"0CAAQ_4QMahgKEwiR0ZLgt96SAxUAAAAAHQAAAAAQtAQ\">info@grupdentalcostabrava.com<\/a><\/link-block><\/response-element><\/p>\n<p data-path-to-node=\"20\">Podeu presentar:<\/p>\n<ul data-path-to-node=\"21\">\n<li>\n<p data-path-to-node=\"21,0,0\">Queixa relativa al compliment dels requisits del RD 1112\/2018<\/p>\n<\/li>\n<li>\n<p data-path-to-node=\"21,1,0\">Sol\u00b7licitud d\u2019informaci\u00f3 accessible relativa a: Continguts que estan exclosos de l\u2019\u00e0mbit d\u2019aplicaci\u00f3 del RD 1112\/2018 segons l\u2019article 3, apartat 4<\/p>\n<\/li>\n<li>\n<p data-path-to-node=\"21,2,0\">Continguts que estan exempts del compliment dels requisits d\u2019accessibilitat per imposar una c\u00e0rrega desproporcionada<\/p>\n<\/li>\n<\/ul>\n<p data-path-to-node=\"22\">En la sol\u00b7licitud d\u2019informaci\u00f3 accessible, cal concretar amb claredat els fets, raons i petici\u00f3 que permetin constatar que es tracta d\u2019una sol\u00b7licitud raonable i leg\u00edtima.<\/p>\n<p data-path-to-node=\"23\">Les queixes i reclamacions sobre informaci\u00f3 accessible es realitzaran a trav\u00e9s dels nostres correus electr\u00f2nics, i seran rebudes i tractades per l\u2019\u00e0rea de Sistemes de la Informaci\u00f3 de <b data-path-to-node=\"23\" data-index-in-node=\"184\">grupdentalcostabrava.com<\/b><\/p>\n<h3 data-path-to-node=\"24\">PROCEDIMENT D\u2019APLICACI\u00d3<\/h3>\n<p data-path-to-node=\"25\" id=\"p-rc_8914260ab91ac614-66\">Si un cop <span class=\"citation-1955\"><\/span><span class=\"citation-1955 citation-1956 citation-end-1956\">realitzada una sol\u00b7licitud d\u2019informaci\u00f3 accessible o queixa, aquesta hagu\u00e9s estat desestimada, no s\u2019estigu\u00e9s d\u2019acord amb la decisi\u00f3 adoptada, o la resposta no compl\u00eds els requisits contemplats<source-footnote ng-version=\"0.0.0-PLACEHOLDER\" _nghost-ng-c4145111847=\"\"><sup _ngcontent-ng-c4145111847=\"\" class=\"superscript\" data-turn-source-index=\"5\"><\/sup><\/source-footnote><\/span><span class=\"citation-1955 citation-end-1955\">en l\u2019article 12.5, la persona interessada podr\u00e0 iniciar una reclamaci\u00f3. Igualment es podr\u00e0<source-footnote ng-version=\"0.0.0-PLACEHOLDER\" _nghost-ng-c4145111847=\"\"><sup _ngcontent-ng-c4145111847=\"\" class=\"superscript\" data-turn-source-index=\"6\"><\/sup><\/source-footnote><\/span>iniciar una reclamaci\u00f3 en cas que hagi transcorregut el termini de vint dies h\u00e0bils sense haver obtingut resposta.<sources-carousel-inline ng-version=\"0.0.0-PLACEHOLDER\" _nghost-ng-c2283830912=\"\"><source-inline-chip _ngcontent-ng-c2283830912=\"\" _nghost-ng-c2781921753=\"\" class=\"ng-star-inserted\"><\/source-inline-chip><\/sources-carousel-inline><\/p>\n<p data-path-to-node=\"26\">La reclamaci\u00f3 es pot presentar a trav\u00e9s de la Inst\u00e0ncia Gen\u00e8rica de la Seu electr\u00f2nica del Ministeri d\u2019Afers Econ\u00f2mics i Transformaci\u00f3 Digital, aix\u00ed com en la resta d\u2019opcions recollides a la Llei 39\/2015, d\u20191 d\u2019octubre, del Procediment Administratiu Com\u00fa de les Administracions P\u00fabliques. Les reclamacions seran rebudes i tractades per la Subdirecci\u00f3 General d\u2019Inspecci\u00f3 de Serveis del Ministeri.<\/p>\n<h3 data-path-to-node=\"27\">CONTINGUT OPCIONAL<\/h3>\n<p data-path-to-node=\"28\">Aquest portal est\u00e0 dissenyat per permetre canviar la mida del text i el color, aix\u00ed com el fons de la p\u00e0gina mitjan\u00e7ant les opcions de configuraci\u00f3 est\u00e0ndard dels navegadors.<\/p>\n<p data-path-to-node=\"29\">Si voleu canviar la mida de la lletra en els principals navegadors gr\u00e0fics, utilitzeu els seg\u00fcents men\u00fas:<\/p>\n<ul data-path-to-node=\"30\">\n<li>\n<p data-path-to-node=\"30,0,0\"><b data-path-to-node=\"30,0,0\" data-index-in-node=\"0\">Internet Explorer, Mozilla i Firefox:<\/b> Visualitza &gt; Mida del text<\/p>\n<\/li>\n<li>\n<p data-path-to-node=\"30,1,0\"><b data-path-to-node=\"30,1,0\" data-index-in-node=\"0\">Opera:<\/b> Visualitza &gt; Zoom<\/p>\n<\/li>\n<li>\n<p data-path-to-node=\"30,2,0\"><b data-path-to-node=\"30,2,0\" data-index-in-node=\"0\">Safari:<\/b> Visualitza &gt; Fer el text m\u00e9s gran<\/p>\n<\/li>\n<li>\n<p data-path-to-node=\"30,3,0\"><b data-path-to-node=\"30,3,0\" data-index-in-node=\"0\">Chrome:<\/b> Controla la p\u00e0gina actual &gt; Mida del text<\/p>\n<\/li>\n<\/ul>\n<p data-path-to-node=\"31\">Per modificar la mida de tot el contingut de la p\u00e0gina:<\/p>\n<ul data-path-to-node=\"32\">\n<li>\n<p data-path-to-node=\"32,0,0\"><b data-path-to-node=\"32,0,0\" data-index-in-node=\"0\">Ctrl + +<\/b> per augmentar-la<\/p>\n<\/li>\n<li>\n<p data-path-to-node=\"32,1,0\"><b data-path-to-node=\"32,1,0\" data-index-in-node=\"0\">Ctrl + \u2013<\/b> per disminuir-la<\/p>\n<\/li>\n<li>\n<p data-path-to-node=\"32,2,0\"><b data-path-to-node=\"32,2,0\" data-index-in-node=\"0\">Ctrl + 0<\/b> per restaurar la mida original del text<\/p>\n<\/li>\n<\/ul>\n<p data-path-to-node=\"33\">Si voleu anul\u00b7lar la fulla d\u2019estils o modificar el color del text, podeu consultar la p\u00e0gina <i data-path-to-node=\"33\" data-index-in-node=\"93\">How to Change Text Size or Colors<\/i> de la WAI, que es pot llegir tradu\u00efda al castell\u00e0 a <i data-path-to-node=\"33\" data-index-in-node=\"179\">\u00bfC\u00f3mo cambiar el tama\u00f1o del texto o colores?<\/i><\/p>\n<p>[\/et_pb_text][\/et_pb_column][\/et_pb_row][\/et_pb_section]<\/p>\n","protected":false},"excerpt":{"rendered":"<p>grupdentalcostabrava.com, que dep\u00e8n de Marcos Allegue Allegue, s\u2019ha comprom\u00e8s a fer accessible el seu lloc web, de conformitat amb el Reial decret 1112\/2018, de 7 de setembre, sobre l\u2019accessibilitat dels llocs web i aplicacions per a dispositius m\u00f2bils del sector p\u00fablic. La present declaraci\u00f3 d\u2019accessibilitat s\u2019aplica al lloc web https:\/\/grupdentalcostabrava.com SITUACI\u00d3 DE COMPLIMENT Aquest lloc [&hellip;]<\/p>\n","protected":false},"author":1,"featured_media":0,"parent":0,"menu_order":0,"comment_status":"closed","ping_status":"closed","template":"","meta":{"_et_pb_use_builder":"on","_et_pb_old_content":"<!-- wp:divi\/placeholder \/-->","_et_gb_content_width":"","footnotes":""},"class_list":["post-101258","page","type-page","status-publish","hentry"],"_links":{"self":[{"href":"https:\/\/grupdentalcostabrava.com\/es\/wp-json\/wp\/v2\/pages\/101258","targetHints":{"allow":["GET"]}}],"collection":[{"href":"https:\/\/grupdentalcostabrava.com\/es\/wp-json\/wp\/v2\/pages"}],"about":[{"href":"https:\/\/grupdentalcostabrava.com\/es\/wp-json\/wp\/v2\/types\/page"}],"author":[{"embeddable":true,"href":"https:\/\/grupdentalcostabrava.com\/es\/wp-json\/wp\/v2\/users\/1"}],"replies":[{"embeddable":true,"href":"https:\/\/grupdentalcostabrava.com\/es\/wp-json\/wp\/v2\/comments?post=101258"}],"version-history":[{"count":5,"href":"https:\/\/grupdentalcostabrava.com\/es\/wp-json\/wp\/v2\/pages\/101258\/revisions"}],"predecessor-version":[{"id":101418,"href":"https:\/\/grupdentalcostabrava.com\/es\/wp-json\/wp\/v2\/pages\/101258\/revisions\/101418"}],"wp:attachment":[{"href":"https:\/\/grupdentalcostabrava.com\/es\/wp-json\/wp\/v2\/media?parent=101258"}],"curies":[{"name":"wp","href":"https:\/\/api.w.org\/{rel}","templated":true}]}}